{"id":55383,"date":"2025-07-30T17:07:42","date_gmt":"2025-07-30T15:07:42","guid":{"rendered":"https:\/\/vergissmeinnicht.bz.it\/chi-2\/"},"modified":"2025-07-30T18:32:51","modified_gmt":"2025-07-30T16:32:51","slug":"chi-2","status":"publish","type":"page","link":"https:\/\/vergissmeinnicht.bz.it\/it\/chi-2\/","title":{"rendered":"Chi"},"content":{"rendered":"<p>[et_pb_section fb_built=&#8221;1&#8243; fullwidth=&#8221;on&#8221; _builder_version=&#8221;4.21.0&#8243; _module_preset=&#8221;default&#8221; global_colors_info=&#8221;{}&#8221;][et_pb_fullwidth_image src=&#8221;https:\/\/vergissmeinnicht.bz.it\/wp-content\/uploads\/2023\/07\/VMN-Grenzgaenger-web-8938_silbersalz-e1689698421516.jpg&#8221; title_text=&#8221;VMN-Grenzgaenger-web-8938_silbersalz&#8221; _builder_version=&#8221;4.21.0&#8243; _module_preset=&#8221;default&#8221; max_height=&#8221;700px&#8221; global_colors_info=&#8221;{}&#8221;][\/et_pb_fullwidth_image][\/et_pb_section][et_pb_section fb_built=&#8221;1&#8243; _builder_version=&#8221;4.21.0&#8243; _module_preset=&#8221;default&#8221; min_height=&#8221;350.7px&#8221; custom_padding=&#8221;||0px|||&#8221; global_colors_info=&#8221;{}&#8221;][et_pb_row _builder_version=&#8221;4.21.0&#8243; _module_preset=&#8221;default&#8221; global_colors_info=&#8221;{}&#8221;][et_pb_column type=&#8221;4_4&#8243; _builder_version=&#8221;4.21.0&#8243; _module_preset=&#8221;default&#8221; global_colors_info=&#8221;{}&#8221;][et_pb_blurb _builder_version=&#8221;4.22.0&#8243; _module_preset=&#8221;default&#8221; header_font=&#8221;Quicksand|700|||||||&#8221; header_font_size=&#8221;30px&#8221; header_line_height=&#8221;3em&#8221; body_font=&#8221;Quicksand||||||||&#8221; text_orientation=&#8221;center&#8221; custom_padding=&#8221;|5%||5%|false|false&#8221; body_font_tablet=&#8221;Quicksand||||||||&#8221; body_font_phone=&#8221;Quicksand||||||||&#8221; body_font_last_edited=&#8221;on|phone&#8221; body_font_size_tablet=&#8221;22px&#8221; body_font_size_phone=&#8221;18px&#8221; body_font_size_last_edited=&#8221;on|phone&#8221; global_colors_info=&#8221;{}&#8221;]<\/p>\n<p>Le esigenze di un posto di lavoro normale sono troppo elevate e non si sentono a casa in un laboratorio per persone con disabilit\u00e0: <strong>i<\/strong> <strong>frontalieri<\/strong> sono <strong>persone speciali<\/strong>. Con noi, le sfide del mondo del lavoro vengono <strong>adattate alle loro capacit\u00e0<\/strong>, nel vero senso della parola. <\/p>\n<p>[\/et_pb_blurb][\/et_pb_column][\/et_pb_row][\/et_pb_section][et_pb_section fb_built=&#8221;1&#8243; _builder_version=&#8221;4.21.0&#8243; _module_preset=&#8221;default&#8221; global_colors_info=&#8221;{}&#8221;][et_pb_row _builder_version=&#8221;4.21.0&#8243; _module_preset=&#8221;default&#8221; width=&#8221;100%&#8221; max_width=&#8221;2560px&#8221; global_colors_info=&#8221;{}&#8221;][et_pb_column type=&#8221;4_4&#8243; _builder_version=&#8221;4.21.0&#8243; _module_preset=&#8221;default&#8221; global_colors_info=&#8221;{}&#8221;][et_pb_image src=&#8221;https:\/\/vergissmeinnicht.bz.it\/wp-content\/uploads\/2023\/07\/wer-2.jpg&#8221; title_text=&#8221;wer-2&#8243; _builder_version=&#8221;4.21.0&#8243; _module_preset=&#8221;default&#8221; global_colors_info=&#8221;{}&#8221;][\/et_pb_image][\/et_pb_column][\/et_pb_row][\/et_pb_section][et_pb_section fb_built=&#8221;1&#8243; _builder_version=&#8221;4.21.0&#8243; _module_preset=&#8221;default&#8221; custom_padding=&#8221;2px|||||&#8221; global_colors_info=&#8221;{}&#8221;][et_pb_row _builder_version=&#8221;4.21.0&#8243; _module_preset=&#8221;default&#8221; global_colors_info=&#8221;{}&#8221;][et_pb_column type=&#8221;4_4&#8243; _builder_version=&#8221;4.21.0&#8243; _module_preset=&#8221;default&#8221; global_colors_info=&#8221;{}&#8221;][et_pb_blurb title=&#8221;Come tutto ebbe inizio&#8221; content_max_width=&#8221;725px&#8221; _builder_version=&#8221;4.22.0&#8243; _module_preset=&#8221;default&#8221; header_font=&#8221;Quicksand|700|||||||&#8221; header_font_size=&#8221;30px&#8221; header_line_height=&#8221;3.1em&#8221; body_font=&#8221;Quicksand||||||||&#8221; text_orientation=&#8221;center&#8221; custom_padding=&#8221;|5%||5%|false|false&#8221; header_font_size_tablet=&#8221;30px&#8221; header_font_size_phone=&#8221;30px&#8221; header_font_size_last_edited=&#8221;on|phone&#8221; body_font_size_tablet=&#8221;&#8221; body_font_size_phone=&#8221;18px&#8221; body_font_size_last_edited=&#8221;on|desktop&#8221; global_colors_info=&#8221;{}&#8221;]<\/p>\n<p>A volte devi semplicemente farlo. Sigrid Regensberger lo sa bene. Sua <strong>figlia Julia<\/strong> \u00e8 una <strong>frontaliera<\/strong> ed \u00e8 quindi una di quelle persone che non possono essere integrate in un modello di lavoro convenzionale. Per questo motivo la <strong>mamma<\/strong> prende in mano la situazione. Tutto \u00e8 iniziato nel 2015 con l&#8217;idea di cucire dei poncho per il mercatino di Natale. La <strong>prima collezione<\/strong> \u00e8 stata creata in uno studio di cucito di soli 40 metri quadrati nella citt\u00e0 alta di Brunico, con la scritta VergissMeinNicht <strong>(Dimenticami<\/strong>) scritta in lettere bianche sulla finestra che d\u00e0 sulla strada. A volte le storie di successo iniziano in piccolo&#8230;      <\/p>\n<p>[\/et_pb_blurb][\/et_pb_column][\/et_pb_row][\/et_pb_section][et_pb_section fb_built=&#8221;1&#8243; _builder_version=&#8221;4.23&#8243; _module_preset=&#8221;default&#8221; global_colors_info=&#8221;{}&#8221;][et_pb_row _builder_version=&#8221;4.23&#8243; _module_preset=&#8221;default&#8221; global_colors_info=&#8221;{}&#8221;][et_pb_column type=&#8221;4_4&#8243; _builder_version=&#8221;4.23&#8243; _module_preset=&#8221;default&#8221; global_colors_info=&#8221;{}&#8221;][et_pb_blurb title=&#8221;Sigrid Regensberger (Fondatrice)&#8221; image=&#8221;https:\/\/vergissmeinnicht.bz.it\/wp-content\/uploads\/2023\/11\/Sigrid_Portrait_2023-1-scaled.jpg&#8221; _builder_version=&#8221;4.23&#8243; _module_preset=&#8221;default&#8221; header_font=&#8221;|700|||||||&#8221; global_colors_info=&#8221;{}&#8221;]<\/p>\n<p><em><span>Sigrid, senza di te Vergissmeinnicht non esisterebbe&#8230;<\/span><\/em><\/p>\n<p><span>&#8230; no, non esisteremmo senza Julia. Prima della nascita di nostra figlia, non avrei mai potuto immaginare cosa significasse avere un figlio borderline. Come ogni genitore fa per il proprio figlio, ci siamo impegnati per il suo benessere. Era ben inserita a scuola. Ma poi \u00e8 arrivato l&#8217;ultimo anno scolastico e Julia \u00e8 caduta in un baratro.      <\/span><\/p>\n<p><span> <\/span><\/p>\n<p><em><span>Cosa la preoccupava cos\u00ec tanto?<\/span><\/em><\/p>\n<p><span>Julia \u00e8 una persona molto sensibile. Si \u00e8 resa conto che i suoi compagni di classe andavano all&#8217;universit\u00e0 o avevano un lavoro &#8211; solo lei non sarebbe stata in grado di farlo in quelle circostanze. \u00c8 stato un momento terribile. Avevo gi\u00e0 cercato ovunque per scoprire quali progetti fossero disponibili per persone come lei. Alla fine sono giunta alla conclusione che dovevo fare qualcosa io stessa. Un&#8217;amica mi ha dato l&#8217;idea di aprire un centro di cucito. Il nostro primo prodotto: il poncho.        <\/span><\/p>\n<p><span> <\/span><\/p>\n<p><em><span>L\u2019inizio fu difficile?<\/span><\/em><\/p>\n<p><span>Quando siamo arrivati a questo punto, molti foglietti di carta erano gi\u00e0 finiti nel cestino. Il successo del nostro prodotto sorprese persino noi. La gente parlava di noi sotto ogni aspetto. Molti pensavano che fossimo finanziati interamente con denaro pubblico e donazioni. Ma non \u00e8 cos\u00ec. Oggi generiamo da soli l&#8217;89% del nostro fatturato. Il resto \u00e8 dato dal sostegno che riceviamo per i nostri pendolari transfrontalieri dal settore pubblico e da sponsor privati.        <\/span><\/p>\n<p><span> <\/span><\/p>\n<p><em><span>Cosa significa essere una persona svantaggiata?<\/span><\/em><\/p>\n<p><span>Essere un pendolare transfrontaliero significa non appartenere a nessun luogo. Non essere in grado di integrarsi in un normale posto di lavoro perch\u00e9 le sfide sono troppo grandi. E avere la sensazione di non essere al posto giusto in un laboratorio per persone con disabilit\u00e0. Diciamo sempre che Vergissmeinnicht \u00e8 un luogo per le persone che si trovano nel mezzo. Quelli che sono stati dimenticati &#8211; da qui il nome.      <\/span><\/p>\n<p><span> <\/span><\/p>\n<p><em><span>Quali sono le reazioni delle persone?<\/span><\/em><\/p>\n<p><span>Non abbiamo clienti, abbiamo fan. E questo \u00e8 fantastico. Molte persone acquistano da noi ancora e ancora. Amano i nostri prodotti, non solo per la loro qualit\u00e0, ma anche perch\u00e9 sono pezzi unici. Il fatto che li acquistino con la consapevolezza di dare una possibilit\u00e0 a persone speciali nella loro vita fa certamente la sua parte. Ma anche per la qualit\u00e0.       <\/span><\/p>\n<p><span> <\/span><\/p>\n<p><em><span>Cos\u2019altro caratterizza i prodotti?<\/span><\/em><\/p>\n<p><span>Nessuno \u00e8 perfetto. C&#8217;\u00e8 un&#8217;intera gamma di taglie tra cui scegliere. Se un pezzo non va bene, viene cambiato. \u00c8 semplicissimo. Realizziamo anche modelli per persone con disabilit\u00e0, amputazioni o altre limitazioni di salute che non riescono a trovare abiti che gli vadano bene. Anche questo riflette il carattere sociale del progetto. A volte vengono versate delle lacrime perch\u00e9 alcune persone non sono abituate a essere considerate.        <\/span><\/p>\n<p>[\/et_pb_blurb][\/et_pb_column][\/et_pb_row][\/et_pb_section][et_pb_section fb_built=&#8221;1&#8243; _builder_version=&#8221;4.23&#8243; _module_preset=&#8221;default&#8221; global_colors_info=&#8221;{}&#8221;][et_pb_row _builder_version=&#8221;4.23&#8243; _module_preset=&#8221;default&#8221; global_colors_info=&#8221;{}&#8221;][et_pb_column type=&#8221;4_4&#8243; _builder_version=&#8221;4.23&#8243; _module_preset=&#8221;default&#8221; global_colors_info=&#8221;{}&#8221;][et_pb_video src=&#8221;https:\/\/vergissmeinnicht.bz.it\/wp-content\/uploads\/2023\/08\/VergissMeinNicht-2016.m4v&#8221; _builder_version=&#8221;4.23&#8243; _module_preset=&#8221;default&#8221; border_width_all=&#8221;2px&#8221; border_color_all=&#8221;#d3d3d3&#8243; global_colors_info=&#8221;{}&#8221;][\/et_pb_video][et_pb_text _builder_version=&#8221;4.23&#8243; _module_preset=&#8221;default&#8221; global_colors_info=&#8221;{}&#8221;]<\/p>\n<p><strong>Markus Pescoller (Presidente)<\/strong><\/p>\n<p>[\/et_pb_text][\/et_pb_column][\/et_pb_row][\/et_pb_section][et_pb_section fb_built=&#8221;1&#8243; _builder_version=&#8221;4.21.2&#8243; _module_preset=&#8221;default&#8221; custom_padding=&#8221;0px|0px||||&#8221; global_colors_info=&#8221;{}&#8221;][et_pb_row _builder_version=&#8221;4.21.2&#8243; _module_preset=&#8221;default&#8221; width=&#8221;100%&#8221; max_width=&#8221;100%&#8221; global_colors_info=&#8221;{}&#8221;][et_pb_column type=&#8221;4_4&#8243; _builder_version=&#8221;4.21.0&#8243; _module_preset=&#8221;default&#8221; global_colors_info=&#8221;{}&#8221;][et_pb_image src=&#8221;https:\/\/vergissmeinnicht.bz.it\/wp-content\/uploads\/2023\/08\/wer-3.jpg&#8221; title_text=&#8221;wer-3&#8243; _builder_version=&#8221;4.21.2&#8243; _module_preset=&#8221;default&#8221; global_colors_info=&#8221;{}&#8221;][\/et_pb_image][\/et_pb_column][\/et_pb_row][\/et_pb_section][et_pb_section fb_built=&#8221;1&#8243; _builder_version=&#8221;4.22.0&#8243; _module_preset=&#8221;default&#8221; global_colors_info=&#8221;{}&#8221;][et_pb_row column_structure=&#8221;1_3,1_3,1_3&#8243; _builder_version=&#8221;4.22.0&#8243; _module_preset=&#8221;default&#8221; global_colors_info=&#8221;{}&#8221;][et_pb_column type=&#8221;1_3&#8243; _builder_version=&#8221;4.22.0&#8243; _module_preset=&#8221;default&#8221; global_colors_info=&#8221;{}&#8221;][\/et_pb_column][et_pb_column type=&#8221;1_3&#8243; _builder_version=&#8221;4.22.0&#8243; _module_preset=&#8221;default&#8221; global_colors_info=&#8221;{}&#8221;][\/et_pb_column][et_pb_column type=&#8221;1_3&#8243; _builder_version=&#8221;4.22.0&#8243; _module_preset=&#8221;default&#8221; global_colors_info=&#8221;{}&#8221;][\/et_pb_column][\/et_pb_row][\/et_pb_section][et_pb_section fb_built=&#8221;1&#8243; _builder_version=&#8221;4.21.2&#8243; _module_preset=&#8221;default&#8221; custom_padding=&#8221;|0px|||false|false&#8221; global_colors_info=&#8221;{}&#8221;][et_pb_row _builder_version=&#8221;4.21.0&#8243; _module_preset=&#8221;default&#8221; global_colors_info=&#8221;{}&#8221;][et_pb_column type=&#8221;4_4&#8243; _builder_version=&#8221;4.21.0&#8243; _module_preset=&#8221;default&#8221; global_colors_info=&#8221;{}&#8221;][et_pb_image src=&#8221;https:\/\/vergissmeinnicht.bz.it\/wp-content\/uploads\/2023\/06\/vmn_animation_logo_1.gif&#8221; title_text=&#8221;vmn_animation_logo_1&#8243; _builder_version=&#8221;4.21.2&#8243; _module_preset=&#8221;default&#8221; width=&#8221;50%&#8221; module_alignment=&#8221;center&#8221; global_colors_info=&#8221;{}&#8221;][\/et_pb_image][\/et_pb_column][\/et_pb_row][\/et_pb_section][et_pb_section fb_built=&#8221;1&#8243; _builder_version=&#8221;4.21.0&#8243; _module_preset=&#8221;default&#8221; custom_padding=&#8221;0px|||||&#8221; global_colors_info=&#8221;{}&#8221;][et_pb_row _builder_version=&#8221;4.21.0&#8243; _module_preset=&#8221;default&#8221; global_colors_info=&#8221;{}&#8221;][et_pb_column type=&#8221;4_4&#8243; _builder_version=&#8221;4.21.0&#8243; _module_preset=&#8221;default&#8221; global_colors_info=&#8221;{}&#8221;][et_pb_blurb title=&#8221;Il nostro team&#8221; content_max_width=&#8221;725px&#8221; _builder_version=&#8221;4.23.1&#8243; _module_preset=&#8221;default&#8221; header_font=&#8221;Quicksand|700|||||||&#8221; header_font_size=&#8221;30px&#8221; header_line_height=&#8221;3.1em&#8221; body_font=&#8221;Quicksand||||||||&#8221; text_orientation=&#8221;center&#8221; custom_padding=&#8221;|5%||5%|false|false&#8221; body_font_size_tablet=&#8221;&#8221; body_font_size_phone=&#8221;16px&#8221; body_font_size_last_edited=&#8221;on|desktop&#8221; body_line_height_tablet=&#8221;&#8221; body_line_height_phone=&#8221;1.6em&#8221; body_line_height_last_edited=&#8221;on|phone&#8221; global_colors_info=&#8221;{}&#8221;]<\/p>\n<p><strong>Inclusione<\/strong> \u00e8 una parola importante. Noi la viviamo. Cuciamo, vendiamo, discutiamo e ridiamo con i <strong>pendolari<\/strong> <strong>transfrontalieri<\/strong>, con le persone che hanno dovuto lasciare la loro terra, con le donne che vogliono ricominciare la loro carriera e con i tanti <strong>volontari<\/strong> che ci mettono a disposizione il loro tempo e le loro competenze. In mezzo alla vita &#8211; in mezzo alla vita &#8211; <strong>siamo noi<\/strong>.   <\/p>\n<p><span>Ci sono giorni in cui sente una tale pressione in testa da non riuscire a concentrarsi al mattino.<\/span><\/p>\n<p>Ci sono giorni in cui non riesce a guardare a lungo i tessuti a fantasia perch\u00e9 tutto gira.<\/p>\n<p><span>Ci sono giorni in cui ci sono semplicemente troppe persone nella stanza&#8230; <\/span><\/p>\n<p><span>I pendolari transfrontalieri devono affrontare molte sfide come queste nella loro vita lavorativa. Dare loro la tranquillit\u00e0 di cui hanno bisogno, creare locali adatti e assicurarsi che le loro esigenze siano soddisfatte e che siano comunque messe alla prova \u00e8 solo uno dei compiti della cooperativa sociale. \u00c8 come un&#8217;ampia rete di cui fanno parte anche i dipendenti. Scelgono consapevolmente questo lavoro perch\u00e9 le mansioni sono cos\u00ec varie e stimolanti. E perch\u00e9 sono felici di aiutare gli altri a crescere. E poi ci sono i volontari. Queste persone dedicano il loro tempo alla Vergissmeinnicht per motivi molto diversi. Alcuni hanno subito dei colpi di fortuna, altri vogliono dare qualcosa in cambio perch\u00e9 sono stati fortunati nella vita. Tutti dicono che \u00e8 bello far parte di una comunit\u00e0. A Vergissmeinnicht ognuno contribuisce con ci\u00f2 che sa fare meglio.         <\/span><\/p>\n<p>[\/et_pb_blurb][\/et_pb_column][\/et_pb_row][\/et_pb_section][et_pb_section fb_built=&#8221;1&#8243; _builder_version=&#8221;4.21.0&#8243; _module_preset=&#8221;default&#8221; global_colors_info=&#8221;{}&#8221;][et_pb_row _builder_version=&#8221;4.21.0&#8243; _module_preset=&#8221;default&#8221; width=&#8221;100%&#8221; max_width=&#8221;2560px&#8221; global_colors_info=&#8221;{}&#8221;][et_pb_column type=&#8221;4_4&#8243; _builder_version=&#8221;4.21.0&#8243; _module_preset=&#8221;default&#8221; global_colors_info=&#8221;{}&#8221;][et_pb_image src=&#8221;https:\/\/vergissmeinnicht.bz.it\/wp-content\/uploads\/2023\/07\/wer-4.jpg&#8221; title_text=&#8221;wer-4&#8243; _builder_version=&#8221;4.21.0&#8243; _module_preset=&#8221;default&#8221; global_colors_info=&#8221;{}&#8221;][\/et_pb_image][\/et_pb_column][\/et_pb_row][et_pb_row _builder_version=&#8221;4.22.0&#8243; _module_preset=&#8221;default&#8221; global_colors_info=&#8221;{}&#8221;][et_pb_column type=&#8221;4_4&#8243; _builder_version=&#8221;4.22.0&#8243; _module_preset=&#8221;default&#8221; global_colors_info=&#8221;{}&#8221;][et_pb_blurb use_icon=&#8221;on&#8221; font_icon=&#8221;&#xe015;||divi||400&#8243; icon_color=&#8221;#FFFFFF&#8221; image_icon_background_color=&#8221;#4c76ba&#8221; image_icon_width=&#8221;24px&#8221; _builder_version=&#8221;4.22.0&#8243; _module_preset=&#8221;default&#8221; image_icon_custom_padding=&#8221;10px|10px|10px|10px|true|true&#8221; positioning=&#8221;fixed&#8221; position_origin_f=&#8221;center_right&#8221; z_index=&#8221;9999999&#8243; link_option_url=&#8221;https:\/\/vergissmeinnicht.bz.it\/shop&#8221; border_radii_image=&#8221;off|5px|||5px&#8221; global_colors_info=&#8221;{}&#8221;][\/et_pb_blurb][et_pb_blurb use_icon=&#8221;on&#8221; font_icon=&#8221;&#xe093;||divi||400&#8243; icon_color=&#8221;#FFFFFF&#8221; image_icon_background_color=&#8221;#0C71C3&#8243; image_icon_width=&#8221;24px&#8221; _builder_version=&#8221;4.22.0&#8243; _module_preset=&#8221;default&#8221; image_icon_custom_padding=&#8221;10px|10px|10px|10px|true|true&#8221; positioning=&#8221;fixed&#8221; position_origin_f=&#8221;center_right&#8221; z_index=&#8221;9999999&#8243; custom_margin=&#8221;60px||||false|false&#8221; link_option_url=&#8221;https:\/\/facebook.com\/SozialgenossenschaftVergissMeinNicht&#8221; link_option_url_new_window=&#8221;on&#8221; border_radii_image=&#8221;off|5px|||5px&#8221; global_colors_info=&#8221;{}&#8221;][\/et_pb_blurb][et_pb_blurb use_icon=&#8221;on&#8221; font_icon=&#8221;&#xe09a;||divi||400&#8243; icon_color=&#8221;#FFFFFF&#8221; image_icon_background_color=&#8221;#E02B20&#8243; image_icon_width=&#8221;24px&#8221; _builder_version=&#8221;4.22.0&#8243; _module_preset=&#8221;default&#8221; image_icon_custom_padding=&#8221;10px|10px|10px|10px|true|true&#8221; positioning=&#8221;fixed&#8221; position_origin_f=&#8221;center_right&#8221; z_index=&#8221;9999999&#8243; custom_margin=&#8221;110px||||false|false&#8221; link_option_url=&#8221;https:\/\/www.instagram.com\/Vergissmeinnicht_sozgen&#8221; link_option_url_new_window=&#8221;on&#8221; border_radii_image=&#8221;off|5px|||5px&#8221; global_colors_info=&#8221;{}&#8221;][\/et_pb_blurb][\/et_pb_column][\/et_pb_row][\/et_pb_section]<\/p>\n","protected":false},"excerpt":{"rendered":"<p>Le esigenze di un posto di lavoro normale sono troppo elevate e non si sentono a casa in un laboratorio per persone con disabilit\u00e0: i frontalieri sono persone speciali. Con noi, le sfide del mondo del lavoro vengono adattate alle loro capacit\u00e0, nel vero senso della parola. A volte devi semplicemente farlo. Sigrid Regensberger lo [&hellip;]<\/p>\n","protected":false},"author":2,"featured_media":0,"parent":0,"menu_order":0,"comment_status":"closed","ping_status":"closed","template":"","meta":{"_et_pb_use_builder":"on","_et_pb_old_content":"","_et_gb_content_width":"","footnotes":""},"class_list":["post-55383","page","type-page","status-publish","hentry"],"_links":{"self":[{"href":"https:\/\/vergissmeinnicht.bz.it\/it\/wp-json\/wp\/v2\/pages\/55383","targetHints":{"allow":["GET"]}}],"collection":[{"href":"https:\/\/vergissmeinnicht.bz.it\/it\/wp-json\/wp\/v2\/pages"}],"about":[{"href":"https:\/\/vergissmeinnicht.bz.it\/it\/wp-json\/wp\/v2\/types\/page"}],"author":[{"embeddable":true,"href":"https:\/\/vergissmeinnicht.bz.it\/it\/wp-json\/wp\/v2\/users\/2"}],"replies":[{"embeddable":true,"href":"https:\/\/vergissmeinnicht.bz.it\/it\/wp-json\/wp\/v2\/comments?post=55383"}],"version-history":[{"count":2,"href":"https:\/\/vergissmeinnicht.bz.it\/it\/wp-json\/wp\/v2\/pages\/55383\/revisions"}],"predecessor-version":[{"id":55385,"href":"https:\/\/vergissmeinnicht.bz.it\/it\/wp-json\/wp\/v2\/pages\/55383\/revisions\/55385"}],"wp:attachment":[{"href":"https:\/\/vergissmeinnicht.bz.it\/it\/wp-json\/wp\/v2\/media?parent=55383"}],"curies":[{"name":"wp","href":"https:\/\/api.w.org\/{rel}","templated":true}]}}