{"id":53242,"date":"2023-07-21T19:15:56","date_gmt":"2023-07-21T17:15:56","guid":{"rendered":"https:\/\/vergissmeinnicht.bz.it\/cosa\/"},"modified":"2023-12-05T19:02:46","modified_gmt":"2023-12-05T18:02:46","slug":"cosa","status":"publish","type":"page","link":"https:\/\/vergissmeinnicht.bz.it\/it\/cosa\/","title":{"rendered":"Cosa"},"content":{"rendered":"<p>[et_pb_section fb_built=&#8221;1&#8243; fullwidth=&#8221;on&#8221; _builder_version=&#8221;4.21.0&#8243; _module_preset=&#8221;default&#8221; max_height=&#8221;725px&#8221; global_colors_info=&#8221;{}&#8221;][et_pb_fullwidth_image src=&#8221;https:\/\/vergissmeinnicht.bz.it\/wp-content\/uploads\/2023\/07\/015-vmn-mode-2023-web-silbersalz-e1689959933935.jpg&#8221; title_text=&#8221;015-vmn-mode-2023-web-silbersalz&#8221; _builder_version=&#8221;4.21.0&#8243; _module_preset=&#8221;default&#8221; global_colors_info=&#8221;{}&#8221;][\/et_pb_fullwidth_image][\/et_pb_section][et_pb_section fb_built=&#8221;1&#8243; _builder_version=&#8221;4.21.0&#8243; _module_preset=&#8221;default&#8221; global_colors_info=&#8221;{}&#8221;][et_pb_row _builder_version=&#8221;4.21.0&#8243; _module_preset=&#8221;default&#8221; width=&#8221;100%&#8221; max_width=&#8221;2560px&#8221; global_colors_info=&#8221;{}&#8221;][et_pb_column type=&#8221;4_4&#8243; _builder_version=&#8221;4.21.0&#8243; _module_preset=&#8221;default&#8221; global_colors_info=&#8221;{}&#8221;][et_pb_blurb content_max_width=&#8221;797px&#8221; _builder_version=&#8221;4.22.0&#8243; _module_preset=&#8221;default&#8221; body_font=&#8221;Quicksand||||||||&#8221; body_text_align=&#8221;center&#8221; custom_padding=&#8221;|5%||5%|false|false&#8221; custom_padding_tablet=&#8221;|5%||5%|false|false&#8221; custom_padding_phone=&#8221;|5%||5%|false|false&#8221; custom_padding_last_edited=&#8221;on|phone&#8221; body_font_size_tablet=&#8221;&#8221; body_font_size_phone=&#8221;16px&#8221; body_font_size_last_edited=&#8221;on|phone&#8221; global_colors_info=&#8221;{}&#8221;]<\/p>\n<p>Il mondo della moda, con le sue collezioni in continua evoluzione e i vestiti che finiscono nella spazzatura, \u00e8 un business folle. Noi vogliamo creare capi che non solo possano essere indossati per sempre, ma che si adattino anche alle stagioni. La nostra collezione \u00e8 cresciuta a piccoli passi: dopo il poncho \u00e8 arrivata la camicia, dopo la gonna l\u2019abito. Non appena <strong>nasce l\u2019idea di un nuovo capo<\/strong>, ci mettiamo subito all\u2019opera.   <\/p>\n<p>Dopo di che disegniamo, tagliamo, cuciamo e alla fine <strong>nasce un nuovo capo<\/strong> realizzato con il cuore.<\/p>\n<p>[\/et_pb_blurb][\/et_pb_column][\/et_pb_row][\/et_pb_section][et_pb_section fb_built=&#8221;1&#8243; _builder_version=&#8221;4.21.0&#8243; _module_preset=&#8221;default&#8221; global_colors_info=&#8221;{}&#8221;][et_pb_row _builder_version=&#8221;4.21.0&#8243; _module_preset=&#8221;default&#8221; width=&#8221;100%&#8221; max_width=&#8221;2560px&#8221; module_alignment=&#8221;center&#8221; border_color_all=&#8221;#E02B20&#8243; global_colors_info=&#8221;{}&#8221;][et_pb_column type=&#8221;4_4&#8243; _builder_version=&#8221;4.21.0&#8243; _module_preset=&#8221;default&#8221; global_colors_info=&#8221;{}&#8221;][et_pb_image src=&#8221;https:\/\/vergissmeinnicht.bz.it\/wp-content\/uploads\/2023\/07\/was-2.png&#8221; title_text=&#8221;was-2&#8243; force_fullwidth=&#8221;on&#8221; _builder_version=&#8221;4.21.0&#8243; _module_preset=&#8221;default&#8221; global_colors_info=&#8221;{}&#8221;][\/et_pb_image][\/et_pb_column][\/et_pb_row][\/et_pb_section][et_pb_section fb_built=&#8221;1&#8243; _builder_version=&#8221;4.21.0&#8243; _module_preset=&#8221;default&#8221; min_height=&#8221;522.8px&#8221; custom_padding=&#8221;0px|0px||||&#8221; global_colors_info=&#8221;{}&#8221;][et_pb_row _builder_version=&#8221;4.21.0&#8243; _module_preset=&#8221;default&#8221; width=&#8221;100%&#8221; max_width=&#8221;2560px&#8221; global_colors_info=&#8221;{}&#8221;][et_pb_column type=&#8221;4_4&#8243; _builder_version=&#8221;4.21.0&#8243; _module_preset=&#8221;default&#8221; global_colors_info=&#8221;{}&#8221;][et_pb_image src=&#8221;https:\/\/vergissmeinnicht.bz.it\/wp-content\/uploads\/2023\/08\/095-vmn-mode-2023-web-silbersalz_austauschen.jpg&#8221; title_text=&#8221;095-vmn-mode-2023-web-silbersalz_austauschen&#8221; force_fullwidth=&#8221;on&#8221; _builder_version=&#8221;4.22.1&#8243; _module_preset=&#8221;default&#8221; custom_padding=&#8221;||||false|false&#8221; hover_enabled=&#8221;0&#8243; global_colors_info=&#8221;{}&#8221; sticky_enabled=&#8221;0&#8243;][\/et_pb_image][\/et_pb_column][\/et_pb_row][et_pb_row column_structure=&#8221;3_5,2_5&#8243; make_equal=&#8221;on&#8221; _builder_version=&#8221;4.22.0&#8243; _module_preset=&#8221;default&#8221; width=&#8221;100%&#8221; max_width=&#8221;100%&#8221; custom_margin=&#8221;37px|auto||auto||&#8221; global_colors_info=&#8221;{}&#8221;][et_pb_column type=&#8221;3_5&#8243; _builder_version=&#8221;4.22.0&#8243; _module_preset=&#8221;default&#8221; custom_css_main_element=&#8221;display:flex;||flex-direction:column;||justify-content:center;||&#8221; global_colors_info=&#8221;{}&#8221;][et_pb_blurb title=&#8221;Personale&#8230;&#8221; _builder_version=&#8221;4.22.0&#8243; _module_preset=&#8221;default&#8221; header_font=&#8221;Quicksand|700|||||||&#8221; header_font_size=&#8221;30px&#8221; header_line_height=&#8221;3.1em&#8221; body_font=&#8221;Quicksand||||||||&#8221; text_orientation=&#8221;center&#8221; custom_margin=&#8221;auto||auto||false|false&#8221; custom_padding=&#8221;|5%|5%|5%|false|true&#8221; body_font_size_tablet=&#8221;&#8221; body_font_size_phone=&#8221;16px&#8221; body_font_size_last_edited=&#8221;on|phone&#8221; global_colors_info=&#8221;{}&#8221;]<\/p>\n<p>Melanie, Julia, Evelin: ogni design porta il nome di una persona legata a Vergiss<strong>Mein<\/strong>Nicht in modo speciale. Perch\u00e9 la comunit\u00e0 \u00e8 ci\u00f2 che conta pi\u00f9 di tutto per noi. <\/p>\n<p>[\/et_pb_blurb][\/et_pb_column][et_pb_column type=&#8221;2_5&#8243; _builder_version=&#8221;4.21.2&#8243; _module_preset=&#8221;default&#8221; global_colors_info=&#8221;{}&#8221;][et_pb_image src=&#8221;https:\/\/vergissmeinnicht.bz.it\/wp-content\/uploads\/2023\/08\/044_2-vmn-2023_silbersalz-scaled.jpg&#8221; title_text=&#8221;044_2-vmn-2023_silbersalz&#8221; _builder_version=&#8221;4.22.1&#8243; _module_preset=&#8221;default&#8221; hover_enabled=&#8221;0&#8243; global_colors_info=&#8221;{}&#8221; sticky_enabled=&#8221;0&#8243;][\/et_pb_image][\/et_pb_column][\/et_pb_row][\/et_pb_section][et_pb_section fb_built=&#8221;1&#8243; _builder_version=&#8221;4.21.0&#8243; _module_preset=&#8221;default&#8221; min_height=&#8221;406.4px&#8221; custom_padding=&#8221;|0px|2px|||&#8221; global_colors_info=&#8221;{}&#8221;][et_pb_row column_structure=&#8221;3_5,2_5&#8243; make_equal=&#8221;on&#8221; _builder_version=&#8221;4.21.2&#8243; _module_preset=&#8221;default&#8221; width=&#8221;100%&#8221; max_width=&#8221;2560px&#8221; global_colors_info=&#8221;{}&#8221;][et_pb_column type=&#8221;3_5&#8243; _builder_version=&#8221;4.21.0&#8243; _module_preset=&#8221;default&#8221; global_colors_info=&#8221;{}&#8221;][et_pb_image src=&#8221;https:\/\/vergissmeinnicht.bz.it\/wp-content\/uploads\/2023\/06\/vmn_animation_logo_1.gif&#8221; title_text=&#8221;vmn_animation_logo_1&#8243; _builder_version=&#8221;4.21.2&#8243; _module_preset=&#8221;default&#8221; custom_padding=&#8221;|5%||5%|false|true&#8221; global_colors_info=&#8221;{}&#8221;][\/et_pb_image][\/et_pb_column][et_pb_column type=&#8221;2_5&#8243; _builder_version=&#8221;4.21.2&#8243; _module_preset=&#8221;default&#8221; custom_css_main_element=&#8221;display:flex;&#8221; global_colors_info=&#8221;{}&#8221;][et_pb_blurb title=&#8221;Versatile&#8230;&#8221; _builder_version=&#8221;4.22.0&#8243; _module_preset=&#8221;default&#8221; header_font=&#8221;Quicksand|700|||||||&#8221; header_font_size=&#8221;30px&#8221; header_line_height=&#8221;3.1em&#8221; body_font=&#8221;Quicksand||||||||&#8221; text_orientation=&#8221;center&#8221; custom_margin=&#8221;auto||auto||false|false&#8221; custom_padding=&#8221;|5%|5%|5%|false|true&#8221; body_font_size_tablet=&#8221;&#8221; body_font_size_phone=&#8221;16px&#8221; body_font_size_last_edited=&#8221;on|phone&#8221; global_colors_info=&#8221;{}&#8221;]<\/p>\n<p>Con Vergiss<strong>Mein<\/strong>Nicht in tutte le stagioni:<\/p>\n<p>in inverno, il poncho tiene caldo come un maglione, in primavera e in autunno diventa una giacca casual.<\/p>\n<p>Questo \u00e8 ci\u00f2 che intendiamo per valore aggiunto<\/p>\n<p>[\/et_pb_blurb][\/et_pb_column][\/et_pb_row][\/et_pb_section][et_pb_section fb_built=&#8221;1&#8243; _builder_version=&#8221;4.21.0&#8243; _module_preset=&#8221;default&#8221; custom_margin=&#8221;||22px|||&#8221; custom_padding=&#8221;||12px|||&#8221; global_colors_info=&#8221;{}&#8221;][et_pb_row _builder_version=&#8221;4.21.0&#8243; _module_preset=&#8221;default&#8221; width=&#8221;100%&#8221; max_width=&#8221;2560px&#8221; custom_margin=&#8221;||||false|false&#8221; custom_padding=&#8221;||||false|false&#8221; global_colors_info=&#8221;{}&#8221;][et_pb_column type=&#8221;4_4&#8243; _builder_version=&#8221;4.21.0&#8243; _module_preset=&#8221;default&#8221; global_colors_info=&#8221;{}&#8221;][et_pb_blurb title=&#8221;Individuale&#8230;&#8221; content_max_width=&#8221;686px&#8221; _builder_version=&#8221;4.22.0&#8243; _module_preset=&#8221;default&#8221; header_font=&#8221;Quicksand|700|||||||&#8221; header_font_size=&#8221;30px&#8221; header_line_height=&#8221;3.1em&#8221; body_font=&#8221;Quicksand||||||||&#8221; background_image=&#8221;https:\/\/vergissmeinnicht.bz.it\/wp-content\/uploads\/2023\/04\/042-VMN-Fashion-web-210708-silbersalz-e1690789304954.jpg&#8221; background_position=&#8221;top_center&#8221; text_orientation=&#8221;center&#8221; min_height=&#8221;1100.2px&#8221; custom_padding=&#8221;64px||697px||false|false&#8221; global_colors_info=&#8221;{}&#8221;]<\/p>\n<p>Tagli con quel qualcosa in pi\u00f9: i prodotti Vergiss<strong>Mein<\/strong>Nicht sono caratterizzati da uno stile unico.<\/p>\n<p>[\/et_pb_blurb][\/et_pb_column][\/et_pb_row][\/et_pb_section][et_pb_section fb_built=&#8221;1&#8243; _builder_version=&#8221;4.21.2&#8243; _module_preset=&#8221;default&#8221; global_colors_info=&#8221;{}&#8221;][et_pb_row column_structure=&#8221;1_2,1_2&#8243; make_equal=&#8221;on&#8221; _builder_version=&#8221;4.21.2&#8243; _module_preset=&#8221;default&#8221; background_color=&#8221;#ececed&#8221; width=&#8221;100%&#8221; max_width=&#8221;100%&#8221; custom_padding=&#8221;0px||0px||false|false&#8221; global_colors_info=&#8221;{}&#8221;][et_pb_column type=&#8221;1_2&#8243; _builder_version=&#8221;4.21.2&#8243; _module_preset=&#8221;default&#8221; global_colors_info=&#8221;{}&#8221;][et_pb_image src=&#8221;https:\/\/vergissmeinnicht.bz.it\/wp-content\/uploads\/2023\/08\/was-7-1.jpg&#8221; title_text=&#8221;was-7-1&#8243; _builder_version=&#8221;4.21.2&#8243; _module_preset=&#8221;default&#8221; global_colors_info=&#8221;{}&#8221;][\/et_pb_image][\/et_pb_column][et_pb_column type=&#8221;1_2&#8243; _builder_version=&#8221;4.21.2&#8243; _module_preset=&#8221;default&#8221; custom_css_main_element=&#8221;display:flex;||flex-direction:column;||justify-content:center;&#8221; global_colors_info=&#8221;{}&#8221;][et_pb_blurb title=&#8221;Unico&#8230;&#8221; _builder_version=&#8221;4.22.0&#8243; _module_preset=&#8221;default&#8221; header_font=&#8221;Quicksand|700|||||||&#8221; header_text_align=&#8221;center&#8221; header_font_size=&#8221;30px&#8221; header_line_height=&#8221;3.1em&#8221; body_font=&#8221;Quicksand||||||||&#8221; custom_padding=&#8221;|5%||5%|false|true&#8221; global_colors_info=&#8221;{}&#8221;]<\/p>\n<p style=\"text-align: center;\">Non sono solo le persone dietro a VergissM<strong>ein<\/strong>Nicht ad essere speciali. Ma anche coloro che acquistano i capi &#8211; compresi voi. <\/p>\n<p>[\/et_pb_blurb][\/et_pb_column][\/et_pb_row][\/et_pb_section][et_pb_section fb_built=&#8221;1&#8243; _builder_version=&#8221;4.21.2&#8243; _module_preset=&#8221;default&#8221; global_colors_info=&#8221;{}&#8221;][et_pb_row _builder_version=&#8221;4.21.2&#8243; _module_preset=&#8221;default&#8221; background_color=&#8221;RGBA(255,255,255,0)&#8221; width=&#8221;100%&#8221; max_width=&#8221;100%&#8221; global_colors_info=&#8221;{}&#8221;][et_pb_column type=&#8221;4_4&#8243; _builder_version=&#8221;4.21.0&#8243; _module_preset=&#8221;default&#8221; global_colors_info=&#8221;{}&#8221;][et_pb_image src=&#8221;https:\/\/vergissmeinnicht.bz.it\/wp-content\/uploads\/2023\/07\/vmn-animation-ponchos-1.gif&#8221; title_text=&#8221;vmn-animation-ponchos-1&#8243; align=&#8221;center&#8221; _builder_version=&#8221;4.21.2&#8243; _module_preset=&#8221;default&#8221; width=&#8221;40%&#8221; width_tablet=&#8221;40%&#8221; width_phone=&#8221;40%&#8221; width_last_edited=&#8221;on|phone&#8221; border_width_all=&#8221;2px&#8221; global_colors_info=&#8221;{}&#8221;][\/et_pb_image][\/et_pb_column][\/et_pb_row][\/et_pb_section][et_pb_section fb_built=&#8221;1&#8243; fullwidth=&#8221;on&#8221; _builder_version=&#8221;4.21.0&#8243; _module_preset=&#8221;default&#8221; global_colors_info=&#8221;{}&#8221;][et_pb_fullwidth_image src=&#8221;https:\/\/vergissmeinnicht.bz.it\/wp-content\/uploads\/2023\/07\/107-vmn-diverse-2023-web-silbersalz-e1690802400463.jpg&#8221; title_text=&#8221;107-vmn-diverse-2023-web-silbersalz&#8221; _builder_version=&#8221;4.21.0&#8243; _module_preset=&#8221;default&#8221; global_colors_info=&#8221;{}&#8221;][\/et_pb_fullwidth_image][\/et_pb_section][et_pb_section fb_built=&#8221;1&#8243; _builder_version=&#8221;4.21.0&#8243; _module_preset=&#8221;default&#8221; global_colors_info=&#8221;{}&#8221;][et_pb_row _builder_version=&#8221;4.21.0&#8243; _module_preset=&#8221;default&#8221; global_colors_info=&#8221;{}&#8221;][et_pb_column type=&#8221;4_4&#8243; _builder_version=&#8221;4.21.0&#8243; _module_preset=&#8221;default&#8221; global_colors_info=&#8221;{}&#8221;][et_pb_blurb title=&#8221;Speciale&#8230;&#8221; content_max_width=&#8221;730px&#8221; _builder_version=&#8221;4.22.0&#8243; _module_preset=&#8221;default&#8221; header_font=&#8221;Quicksand|700|||||||&#8221; header_font_size=&#8221;30px&#8221; header_line_height=&#8221;3.1em&#8221; body_line_height=&#8221;1.3em&#8221; text_orientation=&#8221;center&#8221; body_font_size_tablet=&#8221;28px&#8221; body_font_size_phone=&#8221;18px&#8221; body_font_size_last_edited=&#8221;on|phone&#8221; global_colors_info=&#8221;{}&#8221;]<\/p>\n<p>L\u2019individualit\u00e0 \u00e8 fondamentale. Siamo felici di realizzare grembiuli, camicie, gonne, pantofole o altri articoli per le aziende e il settore alberghiero. <\/p>\n<p>[\/et_pb_blurb][\/et_pb_column][\/et_pb_row][et_pb_row column_structure=&#8221;3_4,1_4&#8243; _builder_version=&#8221;4.21.2&#8243; _module_preset=&#8221;default&#8221; width=&#8221;93%&#8221; max_width=&#8221;2500px&#8221; custom_margin=&#8221;|auto||81px||&#8221; global_colors_info=&#8221;{}&#8221;][et_pb_column type=&#8221;3_4&#8243; _builder_version=&#8221;4.21.2&#8243; _module_preset=&#8221;default&#8221; global_colors_info=&#8221;{}&#8221;][et_pb_image src=&#8221;https:\/\/vergissmeinnicht.bz.it\/wp-content\/uploads\/2023\/07\/096-vmn-diverse-2023-web-silbersalz.jpg&#8221; title_text=&#8221;096-vmn-diverse-2023-web-silbersalz&#8221; _builder_version=&#8221;4.21.2&#8243; _module_preset=&#8221;default&#8221; width=&#8221;50%&#8221; custom_padding=&#8221;||0px||false|false&#8221; global_colors_info=&#8221;{}&#8221;][\/et_pb_image][\/et_pb_column][et_pb_column type=&#8221;1_4&#8243; _builder_version=&#8221;4.21.0&#8243; _module_preset=&#8221;default&#8221; global_colors_info=&#8221;{}&#8221;][et_pb_image src=&#8221;https:\/\/vergissmeinnicht.bz.it\/wp-content\/uploads\/2023\/07\/097-vmn-diverse-2023-web-silbersalz-e1689962603591.jpg&#8221; title_text=&#8221;097-vmn-diverse-2023-web-silbersalz&#8221; _builder_version=&#8221;4.21.2&#8243; _module_preset=&#8221;default&#8221; width=&#8221;100%&#8221; width_tablet=&#8221;&#8221; width_phone=&#8221;&#8221; width_last_edited=&#8221;on|tablet&#8221; custom_margin=&#8221;|||-227px||&#8221; custom_padding=&#8221;|||0px||&#8221; global_colors_info=&#8221;{}&#8221;][\/et_pb_image][\/et_pb_column][\/et_pb_row][et_pb_row column_structure=&#8221;1_2,1_2&#8243; make_equal=&#8221;on&#8221; _builder_version=&#8221;4.22.0&#8243; _module_preset=&#8221;default&#8221; width=&#8221;100%&#8221; max_width=&#8221;1325px&#8221; global_colors_info=&#8221;{}&#8221;][et_pb_column type=&#8221;1_2&#8243; _builder_version=&#8221;4.22.0&#8243; _module_preset=&#8221;default&#8221; custom_css_main_element=&#8221;display:flex;&#8221; global_colors_info=&#8221;{}&#8221;][et_pb_image src=&#8221;https:\/\/vergissmeinnicht.bz.it\/wp-content\/uploads\/2023\/05\/VergissMeinNicht_Logo.png&#8221; title_text=&#8221;VergissMeinNicht_Logo&#8221; _builder_version=&#8221;4.22.0&#8243; _module_preset=&#8221;default&#8221; width=&#8221;50%&#8221; max_width_tablet=&#8221;50%&#8221; max_width_phone=&#8221;50%&#8221; max_width_last_edited=&#8221;on|desktop&#8221; module_alignment=&#8221;center&#8221; custom_margin=&#8221;auto||auto||false|false&#8221; custom_padding=&#8221;5%|5%|5%|5%|true|true&#8221; global_colors_info=&#8221;{}&#8221;][\/et_pb_image][\/et_pb_column][et_pb_column type=&#8221;1_2&#8243; _builder_version=&#8221;4.21.0&#8243; _module_preset=&#8221;default&#8221; global_colors_info=&#8221;{}&#8221;][et_pb_image src=&#8221;https:\/\/vergissmeinnicht.bz.it\/wp-content\/uploads\/2023\/07\/101-vmn-diverse-2023-web-silbersalz-e1689962807918.jpg&#8221; title_text=&#8221;101-vmn-diverse-2023-web-silbersalz&#8221; _builder_version=&#8221;4.21.2&#8243; _module_preset=&#8221;default&#8221; custom_margin=&#8221;|||1px||&#8221; custom_padding=&#8221;||2px|||&#8221; global_colors_info=&#8221;{}&#8221;][\/et_pb_image][\/et_pb_column][\/et_pb_row][et_pb_row _builder_version=&#8221;4.22.0&#8243; _module_preset=&#8221;default&#8221; global_colors_info=&#8221;{}&#8221;][et_pb_column type=&#8221;4_4&#8243; _builder_version=&#8221;4.22.0&#8243; _module_preset=&#8221;default&#8221; global_colors_info=&#8221;{}&#8221;][et_pb_blurb use_icon=&#8221;on&#8221; font_icon=&#8221;&#xe015;||divi||400&#8243; icon_color=&#8221;#FFFFFF&#8221; image_icon_background_color=&#8221;#4c76ba&#8221; image_icon_width=&#8221;24px&#8221; _builder_version=&#8221;4.22.0&#8243; _module_preset=&#8221;default&#8221; image_icon_custom_padding=&#8221;10px|10px|10px|10px|true|true&#8221; positioning=&#8221;fixed&#8221; position_origin_f=&#8221;center_right&#8221; z_index=&#8221;9999999&#8243; link_option_url=&#8221;https:\/\/vergissmeinnicht.bz.it\/shop&#8221; border_radii_image=&#8221;off|5px|||5px&#8221; global_colors_info=&#8221;{}&#8221;][\/et_pb_blurb][et_pb_blurb use_icon=&#8221;on&#8221; font_icon=&#8221;&#xe093;||divi||400&#8243; icon_color=&#8221;#FFFFFF&#8221; image_icon_background_color=&#8221;#0C71C3&#8243; image_icon_width=&#8221;24px&#8221; _builder_version=&#8221;4.22.0&#8243; _module_preset=&#8221;default&#8221; image_icon_custom_padding=&#8221;10px|10px|10px|10px|true|true&#8221; positioning=&#8221;fixed&#8221; position_origin_f=&#8221;center_right&#8221; z_index=&#8221;9999999&#8243; custom_margin=&#8221;60px||||false|false&#8221; link_option_url=&#8221;https:\/\/facebook.com\/SozialgenossenschaftVergissMeinNicht&#8221; link_option_url_new_window=&#8221;on&#8221; border_radii_image=&#8221;off|5px|||5px&#8221; global_colors_info=&#8221;{}&#8221;][\/et_pb_blurb][et_pb_blurb use_icon=&#8221;on&#8221; font_icon=&#8221;&#xe09a;||divi||400&#8243; icon_color=&#8221;#FFFFFF&#8221; image_icon_background_color=&#8221;#E02B20&#8243; image_icon_width=&#8221;24px&#8221; _builder_version=&#8221;4.22.0&#8243; _module_preset=&#8221;default&#8221; image_icon_custom_padding=&#8221;10px|10px|10px|10px|true|true&#8221; positioning=&#8221;fixed&#8221; position_origin_f=&#8221;center_right&#8221; z_index=&#8221;9999999&#8243; custom_margin=&#8221;110px||||false|false&#8221; link_option_url=&#8221;https:\/\/www.instagram.com\/Vergissmeinnicht_sozgen&#8221; link_option_url_new_window=&#8221;on&#8221; border_radii_image=&#8221;off|5px|||5px&#8221; global_colors_info=&#8221;{}&#8221;][\/et_pb_blurb][\/et_pb_column][\/et_pb_row][\/et_pb_section]<\/p>\n","protected":false},"excerpt":{"rendered":"<p>Il mondo della moda, con le sue collezioni in continua evoluzione e i vestiti che finiscono nella spazzatura, \u00e8 un business folle. Noi vogliamo creare capi che non solo possano essere indossati per sempre, ma che si adattino anche alle stagioni. La nostra collezione \u00e8 cresciuta a piccoli passi: dopo il poncho \u00e8 arrivata la [&hellip;]<\/p>\n","protected":false},"author":4,"featured_media":0,"parent":0,"menu_order":0,"comment_status":"closed","ping_status":"closed","template":"","meta":{"_et_pb_use_builder":"on","_et_pb_old_content":"","_et_gb_content_width":"","footnotes":""},"class_list":["post-53242","page","type-page","status-publish","hentry"],"_links":{"self":[{"href":"https:\/\/vergissmeinnicht.bz.it\/it\/wp-json\/wp\/v2\/pages\/53242","targetHints":{"allow":["GET"]}}],"collection":[{"href":"https:\/\/vergissmeinnicht.bz.it\/it\/wp-json\/wp\/v2\/pages"}],"about":[{"href":"https:\/\/vergissmeinnicht.bz.it\/it\/wp-json\/wp\/v2\/types\/page"}],"author":[{"embeddable":true,"href":"https:\/\/vergissmeinnicht.bz.it\/it\/wp-json\/wp\/v2\/users\/4"}],"replies":[{"embeddable":true,"href":"https:\/\/vergissmeinnicht.bz.it\/it\/wp-json\/wp\/v2\/comments?post=53242"}],"version-history":[{"count":2,"href":"https:\/\/vergissmeinnicht.bz.it\/it\/wp-json\/wp\/v2\/pages\/53242\/revisions"}],"predecessor-version":[{"id":53244,"href":"https:\/\/vergissmeinnicht.bz.it\/it\/wp-json\/wp\/v2\/pages\/53242\/revisions\/53244"}],"wp:attachment":[{"href":"https:\/\/vergissmeinnicht.bz.it\/it\/wp-json\/wp\/v2\/media?parent=53242"}],"curies":[{"name":"wp","href":"https:\/\/api.w.org\/{rel}","templated":true}]}}